{"id":4626,"date":"2019-06-07T09:42:18","date_gmt":"2019-06-07T07:42:18","guid":{"rendered":"https:\/\/farmacia-reus.com\/politica-privacidad\/"},"modified":"2019-06-07T09:42:18","modified_gmt":"2019-06-07T07:42:18","slug":"politica-privacidad","status":"publish","type":"page","link":"https:\/\/farmacia-reus.com\/ca\/politica-privacidad\/","title":{"rendered":"Pol\u00edtica de privacidad"},"content":{"rendered":"<p>[vc_row][vc_column][vc_column_text]<\/p>\n<h4>Informaci\u00f3n sobre Protecci\u00f3n de Datos<\/h4>\n<h4>1. Datos relativos al Responsable<\/h4>\n<p>[\/vc_column_text][vc_column_text]<strong>Responsable Tratamiento<\/strong><\/p>\n<p>Entidad: FARMACIA PIQUE CB<br \/>\nCIF de la entidad: E55576094<br \/>\nDirecci\u00f3n de la entidad: PLA\u00c7A MERCADAL, 8, &#8211; (43201) REUS<br \/>\nEmail de la entidad: TPIQUE@COFT.ORG<br \/>\nResponsable del tratamiento : TANIA PIQUE CALAFELL<br \/>\nTel\u00e9fono del Responsable del tratamiento : 977127084<br \/>\nDirecci\u00f3n email del Responsable del tratamiento : TPIQUE@COFT.ORG[\/vc_column_text][\/vc_column][\/vc_row][vc_row css=&#8221;.vc_custom_1560853032859{margin-top: 40px !important;}&#8221;][vc_column][vc_column_text]<\/p>\n<h4>2. Finalidades<\/h4>\n<p>[\/vc_column_text][vc_column_text]En cumplimiento de lo dispuesto en el Reglamento Europeo 2016\/679 General de Protecci\u00f3n de Datos y la Ley Org\u00e1nica 3\/2018 de Protecci\u00f3n de Datos Personales y Garant\u00eda de Derechos Digitales, le informamos de que, dependiendo de la relaci\u00f3n que tenga con nosotros, en FARMACIA PIQUE CB tratamos los datos que nos facilita para alguna, o todas, las siguientes finalidades:[\/vc_column_text][vc_column_text]<\/p>\n<ul>\n<li>Consulta online<\/li>\n<li>Informaci\u00f3n procedente de Cookies<\/li>\n<li>Prestarles un servicio<\/li>\n<li>Realizaci\u00f3n de compra mediante tienda virtual en p\u00e1gina web\/plataforma.<\/li>\n<\/ul>\n<p>[\/vc_column_text][\/vc_column][\/vc_row][vc_row css=&#8221;.vc_custom_1560853032859{margin-top: 40px !important;}&#8221;][vc_column][vc_column_text]<\/p>\n<h4>3. Plazo de conservaci\u00f3n de los datos<\/h4>\n<p>[\/vc_column_text][vc_column_text]Sus datos ser\u00e1n conservados por un plazo de indefinido. En el caso que requiera su eliminaci\u00f3n de forma anticipada, solic\u00edtelo mediante el ejercicio del derecho de supresi\u00f3n. As\u00ed mismo, los datos que por motivos legales deban ser almacenados durante un tiempo necesario para cumplir normas espec\u00edficas, ser\u00e1n bloqueados y \u00fanicamente estar\u00e1n a disposici\u00f3n de la autoridad p\u00fablica correspondiente.[\/vc_column_text][\/vc_column][\/vc_row][vc_row css=&#8221;.vc_custom_1560853032859{margin-top: 40px !important;}&#8221;][vc_column][vc_column_text]<\/p>\n<h4>4. Legitimaci\u00f3n<\/h4>\n<p>[\/vc_column_text][vc_column_text]La base legal para el tratamiento de tus datos radica por:<\/p>\n<ul>\n<li>Consentimiento inequ\u00edvoco.<\/li>\n<\/ul>\n<p>[\/vc_column_text][\/vc_column][\/vc_row][vc_row css=&#8221;.vc_custom_1560853032859{margin-top: 40px !important;}&#8221;][vc_column][vc_column_text]<\/p>\n<h4>5. Destinatarios<\/h4>\n<p>[\/vc_column_text][vc_column_text]Sus datos personales ser\u00e1n comunicados a terceros en los siguientes supuestos:<\/p>\n<ul>\n<li>Entidades inform\u00e1ticas de mantenimiento de software y hardware.<\/li>\n<\/ul>\n<p>[\/vc_column_text][\/vc_column][\/vc_row][vc_row css=&#8221;.vc_custom_1560853032859{margin-top: 40px !important;}&#8221;][vc_column][vc_column_text]<\/p>\n<h4>6. Derechos<\/h4>\n<p>[\/vc_column_text][vc_column_text]Tiene derecho a obtener confirmaci\u00f3n sobre si en FARMACIA PIQUE CB estamos tratando datos personales que le conciernan, o no.<\/p>\n<p>Asimismo, tiene derecho de acceso a sus datos personales, as\u00ed como a solicitar la rectificaci\u00f3n de los datos inexactos o, en su caso, solicitar su supresi\u00f3n cuando, entre otros motivos, los datos ya no sean necesarios para los fines que fueron recogidos.<\/p>\n<p>En determinadas circunstancias, podr\u00e1 solicitar la limitaci\u00f3n del tratamiento de sus datos, en cuyo caso \u00fanicamente los conservaremos para el ejercicio o la defensa de reclamaciones.<\/p>\n<p>Adicionalmente, en determinadas circunstancias y por motivos relacionados con tu situaci\u00f3n particular, podr\u00e1 ejercer el derecho de oposici\u00f3n al tratamiento de sus datos. FARMACIA PIQUE CB dejar\u00e1 de tratar los datos, salvo por motivos leg\u00edtimos imperiosos, o el ejercicio o la defensa de posibles reclamaciones.<\/p>\n<p>Asimismo, puede ejercer el derecho a la portabilidad de los datos, as\u00ed como retirar los consentimientos facilitados en cualquier momento, sin que ello afecte a la licitud del tratamiento basado en el consentimiento previo a su retirada.<\/p>\n<p>Si desea hacer uso de cualquiera de tus derechos puede realizarlos a trav\u00e9s de los enlaces habilitados que encontrar\u00e1 a continuaci\u00f3n:[\/vc_column_text][vc_column_text]<\/p>\n<ul>\n<li>Para ejercer su derecho de\u00a0<strong>Acceso<\/strong>\u00a0haga clic\u00a0<a href=\"https:\/\/intranet.laboralrgpd.com\/webApp\/clientes_derechos\/derechos-formulario.php?id_cliente=KzNudER2WlBSSGk1bHViOFF2MWpaZz09\" target=\"_blank\" rel=\"noopener\">aqu\u00ed<\/a><\/li>\n<li>Para ejercer su derecho de\u00a0<strong>Rectificaci\u00f3n<\/strong>\u00a0haga clic\u00a0<a href=\"https:\/\/intranet.laboralrgpd.com\/webApp\/clientes_derechos\/derechos-formulario.php?id_cliente=KzNudER2WlBSSGk1bHViOFF2MWpaZz09\" target=\"_blank\" rel=\"noopener\">aqu\u00ed<\/a><\/li>\n<li>Para ejercer su derecho de\u00a0<strong>Supresi\u00f3n (Olvido)<\/strong>\u00a0haga clic\u00a0<a href=\"https:\/\/intranet.laboralrgpd.com\/webApp\/clientes_derechos\/derechos-formulario.php?id_cliente=KzNudER2WlBSSGk1bHViOFF2MWpaZz09\" target=\"_blank\" rel=\"noopener\">aqu\u00ed<\/a><\/li>\n<li>Para ejercer su derecho de\u00a0<strong>Limitaci\u00f3n del Tratamiento<\/strong>\u00a0haga clic\u00a0<a href=\"https:\/\/intranet.laboralrgpd.com\/webApp\/clientes_derechos\/derechos-formulario.php?id_cliente=KzNudER2WlBSSGk1bHViOFF2MWpaZz09\" target=\"_blank\" rel=\"noopener\">aqu\u00ed<\/a><\/li>\n<li>Para ejercer su derecho de\u00a0<strong>Oposici\u00f3n<\/strong>\u00a0haga clic\u00a0<a href=\"https:\/\/intranet.laboralrgpd.com\/webApp\/clientes_derechos\/derechos-formulario.php?id_cliente=KzNudER2WlBSSGk1bHViOFF2MWpaZz09\" target=\"_blank\" rel=\"noopener\">aqu\u00ed<\/a><\/li>\n<li>Para ejercer su derecho de\u00a0<strong>Portabilidad<\/strong>\u00a0haga clic\u00a0<a href=\"https:\/\/intranet.laboralrgpd.com\/webApp\/clientes_derechos\/derechos-formulario.php?id_cliente=KzNudER2WlBSSGk1bHViOFF2MWpaZz09\" target=\"_blank\" rel=\"noopener\">aqu\u00ed<\/a><\/li>\n<\/ul>\n<p>[\/vc_column_text][vc_column_text]Alternativamente, tambi\u00e9n puede dirigirse a nosotros mediante correo postal a la siguiente direcci\u00f3n: PLA\u00c7A MERCADAL, 8, &#8211; (43201) REUS adjuntado una fotocopia del DNI, para la certeza de su identidad. Recuerde facilitar la mayor informaci\u00f3n posible sobre su solicitud: Nombre y apellidos, direcci\u00f3n de correo electr\u00f3nico que utiliza para la cuenta o portal objeto de tu solicitud.<\/p>\n<p>Por \u00faltimo, le informamos que puede dirigirse ante la Agencia Espa\u00f1ola de Protecci\u00f3n de Datos y dem\u00e1s organismos p\u00fablicos competentes para cualquier reclamaci\u00f3n derivada del tratamiento de tus datos personales.[\/vc_column_text][\/vc_column][\/vc_row][vc_row css=&#8221;.vc_custom_1560853887444{margin-top: 40px !important;margin-bottom: 40px !important;}&#8221;][vc_column][vc_column_text]<\/p>\n<h4>7. Pol\u00edtica de cookies<\/h4>\n<p>[\/vc_column_text][vc_column_text]Para conocer las cookies que utilizamos en nuestra p\u00e1gina, recuerde que puede acceder a nuestra Pol\u00edtica de Cookies a trav\u00e9s del siguiente enlace\u00a0<a href=\"https:\/\/intranet.laboralrgpd.com\/politicaCookies\/index.php?sid=KzNudER2WlBSSGk1bHViOFF2MWpaZz09\" target=\"_blank\" rel=\"noopener\">pol\u00edtica de cookies<\/a>.[\/vc_column_text][\/vc_column][\/vc_row]<\/p>\n","protected":false},"excerpt":{"rendered":"<p>[vc_row][vc_column][vc_column_text] Informaci\u00f3n sobre Protecci\u00f3n de Datos 1. Datos relativos al Responsable [\/vc_column_text][vc_column_text]Responsable Tratamiento Entidad: FARMACIA PIQUE CB CIF de la entidad: E55576094 Direcci\u00f3n de la entidad: PLA\u00c7A MERCADAL, 8, &#8211; (43201) REUS Email de la entidad: TPIQUE@COFT.ORG Responsable del tratamiento : TANIA PIQUE CALAFELL Tel\u00e9fono&#8230;<\/p>\n","protected":false},"author":1,"featured_media":0,"parent":0,"menu_order":0,"comment_status":"closed","ping_status":"open","template":"","meta":[],"yoast_head":"<!-- This site is optimized with the Yoast SEO plugin v16.9 - https:\/\/yoast.com\/wordpress\/plugins\/seo\/ -->\n<title>Pol\u00edtica de privacidad - Farm\u00e0cia Reus<\/title>\n<meta name=\"robots\" content=\"index, follow, max-snippet:-1, max-image-preview:large, max-video-preview:-1\" \/>\n<link rel=\"canonical\" href=\"https:\/\/farmacia-reus.com\/ca\/politica-privacidad\/\" \/>\n<meta property=\"og:locale\" content=\"ca_ES\" \/>\n<meta property=\"og:type\" content=\"article\" \/>\n<meta property=\"og:title\" content=\"Pol\u00edtica de privacidad - Farm\u00e0cia Reus\" \/>\n<meta property=\"og:description\" content=\"[vc_row][vc_column][vc_column_text] Informaci\u00f3n sobre Protecci\u00f3n de Datos 1. Datos relativos al Responsable [\/vc_column_text][vc_column_text]Responsable Tratamiento Entidad: FARMACIA PIQUE CB CIF de la entidad: E55576094 Direcci\u00f3n de la entidad: PLA\u00c7A MERCADAL, 8, &#8211; (43201) REUS Email de la entidad: TPIQUE@COFT.ORG Responsable del tratamiento : TANIA PIQUE CALAFELL Tel\u00e9fono...\" \/>\n<meta property=\"og:url\" content=\"https:\/\/farmacia-reus.com\/ca\/politica-privacidad\/\" \/>\n<meta property=\"og:site_name\" content=\"Farm\u00e0cia Reus\" \/>\n<meta name=\"twitter:card\" content=\"summary_large_image\" \/>\n<meta name=\"twitter:label1\" content=\"Temps estimat de lectura\" \/>\n\t<meta name=\"twitter:data1\" content=\"4 minuts\" \/>\n<script type=\"application\/ld+json\" class=\"yoast-schema-graph\">{\"@context\":\"https:\/\/schema.org\",\"@graph\":[{\"@type\":\"Organization\",\"@id\":\"https:\/\/farmacia-reus.com\/#organization\",\"name\":\"Farm\\u00e0cia Piqu\\u00e9 Reus i Calafell\",\"url\":\"https:\/\/farmacia-reus.com\/\",\"sameAs\":[],\"logo\":{\"@type\":\"ImageObject\",\"@id\":\"https:\/\/farmacia-reus.com\/#logo\",\"inLanguage\":\"ca\",\"url\":\"https:\/\/farmacia-reus.com\/wp-content\/uploads\/2019\/06\/logo-serp.png\",\"contentUrl\":\"https:\/\/farmacia-reus.com\/wp-content\/uploads\/2019\/06\/logo-serp.png\",\"width\":461,\"height\":643,\"caption\":\"Farm\\u00e0cia Piqu\\u00e9 Reus i Calafell\"},\"image\":{\"@id\":\"https:\/\/farmacia-reus.com\/#logo\"}},{\"@type\":\"WebSite\",\"@id\":\"https:\/\/farmacia-reus.com\/#website\",\"url\":\"https:\/\/farmacia-reus.com\/\",\"name\":\"Farm\\u00e0cia Reus\",\"description\":\"Farm\\u00e0cia Reus\",\"publisher\":{\"@id\":\"https:\/\/farmacia-reus.com\/#organization\"},\"potentialAction\":[{\"@type\":\"SearchAction\",\"target\":{\"@type\":\"EntryPoint\",\"urlTemplate\":\"https:\/\/farmacia-reus.com\/?s={search_term_string}\"},\"query-input\":\"required name=search_term_string\"}],\"inLanguage\":\"ca\"},{\"@type\":\"WebPage\",\"@id\":\"https:\/\/farmacia-reus.com\/ca\/politica-privacidad\/#webpage\",\"url\":\"https:\/\/farmacia-reus.com\/ca\/politica-privacidad\/\",\"name\":\"Pol\\u00edtica de privacidad - Farm\\u00e0cia Reus\",\"isPartOf\":{\"@id\":\"https:\/\/farmacia-reus.com\/#website\"},\"datePublished\":\"2019-06-07T07:42:18+00:00\",\"dateModified\":\"2019-06-07T07:42:18+00:00\",\"breadcrumb\":{\"@id\":\"https:\/\/farmacia-reus.com\/ca\/politica-privacidad\/#breadcrumb\"},\"inLanguage\":\"ca\",\"potentialAction\":[{\"@type\":\"ReadAction\",\"target\":[\"https:\/\/farmacia-reus.com\/ca\/politica-privacidad\/\"]}]},{\"@type\":\"BreadcrumbList\",\"@id\":\"https:\/\/farmacia-reus.com\/ca\/politica-privacidad\/#breadcrumb\",\"itemListElement\":[{\"@type\":\"ListItem\",\"position\":1,\"name\":\"Portada\",\"item\":\"https:\/\/farmacia-reus.com\/ca\/\"},{\"@type\":\"ListItem\",\"position\":2,\"name\":\"Pol\\u00edtica de privacidad\"}]}]}<\/script>\n<!-- \/ Yoast SEO plugin. -->","yoast_head_json":{"title":"Pol\u00edtica de privacidad - Farm\u00e0cia Reus","robots":{"index":"index","follow":"follow","max-snippet":"max-snippet:-1","max-image-preview":"max-image-preview:large","max-video-preview":"max-video-preview:-1"},"canonical":"https:\/\/farmacia-reus.com\/ca\/politica-privacidad\/","og_locale":"ca_ES","og_type":"article","og_title":"Pol\u00edtica de privacidad - Farm\u00e0cia Reus","og_description":"[vc_row][vc_column][vc_column_text] Informaci\u00f3n sobre Protecci\u00f3n de Datos 1. Datos relativos al Responsable [\/vc_column_text][vc_column_text]Responsable Tratamiento Entidad: FARMACIA PIQUE CB CIF de la entidad: E55576094 Direcci\u00f3n de la entidad: PLA\u00c7A MERCADAL, 8, &#8211; (43201) REUS Email de la entidad: TPIQUE@COFT.ORG Responsable del tratamiento : TANIA PIQUE CALAFELL Tel\u00e9fono...","og_url":"https:\/\/farmacia-reus.com\/ca\/politica-privacidad\/","og_site_name":"Farm\u00e0cia Reus","twitter_card":"summary_large_image","twitter_misc":{"Temps estimat de lectura":"4 minuts"},"schema":{"@context":"https:\/\/schema.org","@graph":[{"@type":"Organization","@id":"https:\/\/farmacia-reus.com\/#organization","name":"Farm\u00e0cia Piqu\u00e9 Reus i Calafell","url":"https:\/\/farmacia-reus.com\/","sameAs":[],"logo":{"@type":"ImageObject","@id":"https:\/\/farmacia-reus.com\/#logo","inLanguage":"ca","url":"https:\/\/farmacia-reus.com\/wp-content\/uploads\/2019\/06\/logo-serp.png","contentUrl":"https:\/\/farmacia-reus.com\/wp-content\/uploads\/2019\/06\/logo-serp.png","width":461,"height":643,"caption":"Farm\u00e0cia Piqu\u00e9 Reus i Calafell"},"image":{"@id":"https:\/\/farmacia-reus.com\/#logo"}},{"@type":"WebSite","@id":"https:\/\/farmacia-reus.com\/#website","url":"https:\/\/farmacia-reus.com\/","name":"Farm\u00e0cia Reus","description":"Farm\u00e0cia Reus","publisher":{"@id":"https:\/\/farmacia-reus.com\/#organization"},"potentialAction":[{"@type":"SearchAction","target":{"@type":"EntryPoint","urlTemplate":"https:\/\/farmacia-reus.com\/?s={search_term_string}"},"query-input":"required name=search_term_string"}],"inLanguage":"ca"},{"@type":"WebPage","@id":"https:\/\/farmacia-reus.com\/ca\/politica-privacidad\/#webpage","url":"https:\/\/farmacia-reus.com\/ca\/politica-privacidad\/","name":"Pol\u00edtica de privacidad - Farm\u00e0cia Reus","isPartOf":{"@id":"https:\/\/farmacia-reus.com\/#website"},"datePublished":"2019-06-07T07:42:18+00:00","dateModified":"2019-06-07T07:42:18+00:00","breadcrumb":{"@id":"https:\/\/farmacia-reus.com\/ca\/politica-privacidad\/#breadcrumb"},"inLanguage":"ca","potentialAction":[{"@type":"ReadAction","target":["https:\/\/farmacia-reus.com\/ca\/politica-privacidad\/"]}]},{"@type":"BreadcrumbList","@id":"https:\/\/farmacia-reus.com\/ca\/politica-privacidad\/#breadcrumb","itemListElement":[{"@type":"ListItem","position":1,"name":"Portada","item":"https:\/\/farmacia-reus.com\/ca\/"},{"@type":"ListItem","position":2,"name":"Pol\u00edtica de privacidad"}]}]}},"_links":{"self":[{"href":"https:\/\/farmacia-reus.com\/ca\/wp-json\/wp\/v2\/pages\/4626"}],"collection":[{"href":"https:\/\/farmacia-reus.com\/ca\/wp-json\/wp\/v2\/pages"}],"about":[{"href":"https:\/\/farmacia-reus.com\/ca\/wp-json\/wp\/v2\/types\/page"}],"author":[{"embeddable":true,"href":"https:\/\/farmacia-reus.com\/ca\/wp-json\/wp\/v2\/users\/1"}],"replies":[{"embeddable":true,"href":"https:\/\/farmacia-reus.com\/ca\/wp-json\/wp\/v2\/comments?post=4626"}],"version-history":[{"count":0,"href":"https:\/\/farmacia-reus.com\/ca\/wp-json\/wp\/v2\/pages\/4626\/revisions"}],"wp:attachment":[{"href":"https:\/\/farmacia-reus.com\/ca\/wp-json\/wp\/v2\/media?parent=4626"}],"curies":[{"name":"wp","href":"https:\/\/api.w.org\/{rel}","templated":true}]}}